{"id":940,"date":"2018-04-24T13:54:04","date_gmt":"2018-04-24T13:54:04","guid":{"rendered":"https:\/\/medilogics.pt\/home\/?page_id=940"},"modified":"2018-06-01T12:31:35","modified_gmt":"2018-06-01T11:31:35","slug":"politica-protecao-dados","status":"publish","type":"page","link":"https:\/\/medilogics.pt\/home\/politica-protecao-dados\/","title":{"rendered":"Politica de Prote\u00e7\u00e3o de dados pessoais"},"content":{"rendered":"<p>1. DADOS PESSOAIS<\/p>\n<p>1.1. A entidade respons\u00e1vel pelo tratamento dos dados pessoais \u00e9 a MEDILOGICS Servi\u00e7os M\u00e9dicos SA.<\/p>\n<p>1.2. A MEDILOGICS designou um encarregado da prote\u00e7\u00e3o de dados que poder\u00e1 ser diretamente contactado atrav\u00e9s de carta enviada para MEDILOGICS &#8211; DPO, Rua da Paz, 66, 4050-461 Porto ou do endere\u00e7o eletr\u00f3nico <a href=\"mailto:dpo@medilogics.pt\">dpo@medilogics.pt<\/a> .<\/p>\n<p>1.3. Os dados pessoais dos Clientes MEDILOGICS s\u00e3o tratados por serem necess\u00e1rios \u00e0 celebra\u00e7\u00e3o e execu\u00e7\u00e3o do contrato, ao cumprimento de obriga\u00e7\u00f5es legais impostas \u00e0 MEDILOGICS, ao prosseguimento de interesses leg\u00edtimos da MEDILOGICS ou porque foram objeto de consentimento. Os dados identificados no Contrato de Servi\u00e7os como sendo de fornecimento obrigat\u00f3rio s\u00e3o indispens\u00e1veis \u00e0 presta\u00e7\u00e3o do servi\u00e7o pela MEDILOGICS. A omiss\u00e3o ou inexatid\u00e3o desses dados ou demais informa\u00e7\u00f5es prestadas pelo cliente s\u00e3o da sua inteira responsabilidade.<\/p>\n<p>1.4. Os dados pessoais fornecidos pelo Cliente ou gerados pela utiliza\u00e7\u00e3o do servi\u00e7o ser\u00e3o processados e armazenados informaticamente, destinando-se a ser utilizados pela MEDILOGICS para: marketing e vendas, gest\u00e3o de cliente e presta\u00e7\u00e3o de servi\u00e7o, gest\u00e3o contabil\u00edstica, fiscal e administrativa, gest\u00e3o de contencioso, dete\u00e7\u00e3o de fraude, prote\u00e7\u00e3o de receita e auditoria, gest\u00e3o de rede e sistemas, controlo da seguran\u00e7a da informa\u00e7\u00e3o e da seguran\u00e7a f\u00edsica, gest\u00e3o de operadores e cumprimento de obriga\u00e7\u00f5es legais.<\/p>\n<p>1.5. O tratamento de dados para fins de marketing ser\u00e1 efetuado de acordo com a op\u00e7\u00e3o de consentimento manifestada pelo Cliente. O consentimento deve ser pr\u00e9vio, livre, informado, espec\u00edfico e inequ\u00edvoco, manifestado numa declara\u00e7\u00e3o escrita, oral ou atrav\u00e9s da valida\u00e7\u00e3o de uma op\u00e7\u00e3o. O Cliente pode opor-se ao tratamento de dados para fins de marketing a qualquer momento e por qualquer meio.<\/p>\n<p>1.6. Os dados pessoais do Cliente podem ser inclu\u00eddos nas listas de terceiros, desde que o Cliente d\u00ea o seu consentimento.<\/p>\n<p>1.7. Os dados pessoais s\u00e3o conservados por per\u00edodos de tempo diferentes, consoante a finalidade a que se destinam e tendo em conta crit\u00e9rios legais, de necessidade e minimiza\u00e7\u00e3o do tempo de conserva\u00e7\u00e3o, ou pelos per\u00edodos legalmente definidos para fins de investiga\u00e7\u00e3o e a\u00e7\u00f5es judiciais de natureza penal, ou crit\u00e9rios m\u00e9dico-legais.<\/p>\n<p>1.8. A MEDILOGICS pode recorrer a subcontratantes, mediante consentimento escrito pr\u00e9vio por escrito, para efeitos do tratamento de dados pessoais, nomeadamente para gest\u00e3o de cliente, presta\u00e7\u00e3o do servi\u00e7o, fatura\u00e7\u00e3o e gest\u00e3o de contencioso, ficando estas entidades obrigadas a desenvolver as medidas t\u00e9cnicas e organizativas adequadas \u00e0 prote\u00e7\u00e3o dos dados e assegurar a defesa dos direitos do titular. Em determinadas circunst\u00e2ncias, certos dados pessoais poder\u00e3o ter de ser comunicados a autoridades p\u00fablicas, como por exemplo Autoridade das Condi\u00e7\u00f5es de Trabalho, Entidade Reguladora da Sa\u00fade, tribunais e for\u00e7as de seguran\u00e7a.<\/p>\n<p>1.9. \u00c9 garantido ao Cliente o direito de acesso, retifica\u00e7\u00e3o, oposi\u00e7\u00e3o, apagamento, limita\u00e7\u00e3o e portabilidade dos seus dados pessoais. O exerc\u00edcio dos direitos pode ser solicitado atrav\u00e9s do 225 433 700 ou mediante pedido escrito enviado para MEDILOGICS \u2013 Privacidade, Rua da Paz, 66, 4050-461 Porto ou para o endere\u00e7o <a href=\"mailto:dpo@medilogics.pt\">dpo@medilogics.pt<\/a> .<\/p>\n<p>1.10. Sem preju\u00edzo da possibilidade de reclamar junto da MEDILOGICS, o Cliente pode apresentar uma reclama\u00e7\u00e3o diretamente \u00e0 autoridade de controlo, cujos contactos podem ser consultados em Comiss\u00e3o Nacional de Prote\u00e7\u00e3o de Dados <a href=\"https:\/\/www.cnpd.pt\/\" target=\"_blank\" rel=\"noopener\">https:\/\/www.cnpd.pt\/<\/a>\u00a0.<\/p>\n<p>1.11. O Cliente pode obter informa\u00e7\u00e3o completa e atualizada sobre a pol\u00edtica de privacidade e tratamento de dados pessoais da MEDILOGICS, dispon\u00edvel em https:\/\/medilogics.pt\/home\/politica-protecao-dados\/ , nomeadamente quanto \u00e0s categorias de dados tratados, \u00e0s finalidades e legitimidade para o tratamento, aos prazos de conserva\u00e7\u00e3o e ao exerc\u00edcio de direitos.<\/p>\n<p>1.12. Os n\u00fameros 1.2., 1.9., 1.10. e 1.11. pretendem dar cumprimento ao disposto no Regulamento (UE) 2016\/679 do Parlamento Europeu e do Conselho, de 27 de abril (Regulamento Geral de Prote\u00e7\u00e3o de Dados), pelo que ser\u00e3o aplic\u00e1veis apenas a partir de 25 de maio de 2018.<\/p>\n","protected":false},"excerpt":{"rendered":"<p>1. DADOS PESSOAIS 1.1. A entidade respons\u00e1vel pelo tratamento dos dados pessoais \u00e9 a MEDILOGICS Servi\u00e7os M\u00e9dicos SA. 1.2. A MEDILOGICS designou um encarregado da prote\u00e7\u00e3o de dados que poder\u00e1 ser diretamente contactado atrav\u00e9s de carta enviada para MEDILOGICS &#8211; DPO, Rua da Paz, 66, 4050-461 Porto ou do endere\u00e7o eletr\u00f3nico dpo@medilogics.pt . 1.3. Os &hellip; <\/p>\n<p class=\"link-more\"><a href=\"https:\/\/medilogics.pt\/home\/politica-protecao-dados\/\" class=\"more-link\">Continuar a ler <span class=\"screen-reader-text\">&#8220;Politica de Prote\u00e7\u00e3o de dados pessoais&#8221;<\/span><\/a><\/p>\n","protected":false},"author":1,"featured_media":0,"parent":0,"menu_order":0,"comment_status":"closed","ping_status":"closed","template":"","meta":{"_links_to":"","_links_to_target":""},"yoast_head":"<!-- This site is optimized with the Yoast SEO plugin v19.5.1 - https:\/\/yoast.com\/wordpress\/plugins\/seo\/ -->\n<title>Politica de Prote\u00e7\u00e3o de dados pessoais | MEDILOGICS Servi\u00e7os M\u00e9dicos SA<\/title>\n<meta name=\"robots\" content=\"index, follow, max-snippet:-1, max-image-preview:large, max-video-preview:-1\" \/>\n<link rel=\"canonical\" href=\"https:\/\/medilogics.pt\/home\/politica-protecao-dados\/\" \/>\n<meta property=\"og:locale\" content=\"pt_PT\" \/>\n<meta property=\"og:type\" content=\"article\" \/>\n<meta property=\"og:title\" content=\"Politica de Prote\u00e7\u00e3o de dados pessoais | MEDILOGICS Servi\u00e7os M\u00e9dicos SA\" \/>\n<meta property=\"og:description\" content=\"1. DADOS PESSOAIS 1.1. A entidade respons\u00e1vel pelo tratamento dos dados pessoais \u00e9 a MEDILOGICS Servi\u00e7os M\u00e9dicos SA. 1.2. A MEDILOGICS designou um encarregado da prote\u00e7\u00e3o de dados que poder\u00e1 ser diretamente contactado atrav\u00e9s de carta enviada para MEDILOGICS &#8211; DPO, Rua da Paz, 66, 4050-461 Porto ou do endere\u00e7o eletr\u00f3nico dpo@medilogics.pt . 1.3. Os &hellip; Continuar a ler &quot;Politica de Prote\u00e7\u00e3o de dados pessoais&quot;\" \/>\n<meta property=\"og:url\" content=\"https:\/\/medilogics.pt\/home\/politica-protecao-dados\/\" \/>\n<meta property=\"og:site_name\" content=\"MEDILOGICS Servi\u00e7os M\u00e9dicos SA\" \/>\n<meta property=\"article:publisher\" content=\"https:\/\/www.facebook.com\/medilogicssa\/\" \/>\n<meta property=\"article:modified_time\" content=\"2018-06-01T11:31:35+00:00\" \/>\n<meta name=\"twitter:card\" content=\"summary\" \/>\n<meta name=\"twitter:site\" content=\"@medilogics\" \/>\n<meta name=\"twitter:label1\" content=\"Tempo estimado de leitura\" \/>\n\t<meta name=\"twitter:data1\" content=\"3 minutos\" \/>\n<script type=\"application\/ld+json\" class=\"yoast-schema-graph\">{\"@context\":\"https:\/\/schema.org\",\"@graph\":[{\"@type\":\"WebPage\",\"@id\":\"https:\/\/medilogics.pt\/home\/politica-protecao-dados\/\",\"url\":\"https:\/\/medilogics.pt\/home\/politica-protecao-dados\/\",\"name\":\"Politica de Prote\u00e7\u00e3o de dados pessoais | MEDILOGICS Servi\u00e7os M\u00e9dicos SA\",\"isPartOf\":{\"@id\":\"https:\/\/medilogics.pt\/home\/#website\"},\"datePublished\":\"2018-04-24T13:54:04+00:00\",\"dateModified\":\"2018-06-01T11:31:35+00:00\",\"breadcrumb\":{\"@id\":\"https:\/\/medilogics.pt\/home\/politica-protecao-dados\/#breadcrumb\"},\"inLanguage\":\"pt-PT\",\"potentialAction\":[{\"@type\":\"ReadAction\",\"target\":[\"https:\/\/medilogics.pt\/home\/politica-protecao-dados\/\"]}]},{\"@type\":\"BreadcrumbList\",\"@id\":\"https:\/\/medilogics.pt\/home\/politica-protecao-dados\/#breadcrumb\",\"itemListElement\":[{\"@type\":\"ListItem\",\"position\":1,\"name\":\"In\u00edcio\",\"item\":\"https:\/\/medilogics.pt\/home\/\"},{\"@type\":\"ListItem\",\"position\":2,\"name\":\"Politica de Prote\u00e7\u00e3o de dados pessoais\"}]},{\"@type\":\"WebSite\",\"@id\":\"https:\/\/medilogics.pt\/home\/#website\",\"url\":\"https:\/\/medilogics.pt\/home\/\",\"name\":\"MEDILOGICS Servi\u00e7os M\u00e9dicos SA\",\"description\":\"Seguran\u00e7a e Sa\u00fade no Trabalho\",\"publisher\":{\"@id\":\"https:\/\/medilogics.pt\/home\/#organization\"},\"potentialAction\":[{\"@type\":\"SearchAction\",\"target\":{\"@type\":\"EntryPoint\",\"urlTemplate\":\"https:\/\/medilogics.pt\/home\/?s={search_term_string}\"},\"query-input\":\"required name=search_term_string\"}],\"inLanguage\":\"pt-PT\"},{\"@type\":\"Organization\",\"@id\":\"https:\/\/medilogics.pt\/home\/#organization\",\"name\":\"Medilogics Servicos Medicos SA\",\"url\":\"https:\/\/medilogics.pt\/home\/\",\"sameAs\":[\"https:\/\/www.instagram.com\/medilogics\/\",\"https:\/\/www.linkedin.com\/company\/medilogics\",\"https:\/\/www.youtube.com\/c\/MedilogicsPtsa\",\"https:\/\/www.facebook.com\/medilogicssa\/\",\"https:\/\/twitter.com\/medilogics\"],\"logo\":{\"@type\":\"ImageObject\",\"inLanguage\":\"pt-PT\",\"@id\":\"https:\/\/medilogics.pt\/home\/#\/schema\/logo\/image\/\",\"url\":\"https:\/\/i1.wp.com\/medilogics.pt\/home\/wp-content\/uploads\/2017\/10\/logotipo_empsaud_medilogics_medio.jpg?fit=500%2C175&ssl=1\",\"contentUrl\":\"https:\/\/i1.wp.com\/medilogics.pt\/home\/wp-content\/uploads\/2017\/10\/logotipo_empsaud_medilogics_medio.jpg?fit=500%2C175&ssl=1\",\"width\":500,\"height\":175,\"caption\":\"Medilogics Servicos Medicos SA\"},\"image\":{\"@id\":\"https:\/\/medilogics.pt\/home\/#\/schema\/logo\/image\/\"}}]}<\/script>\n<!-- \/ Yoast SEO plugin. -->","yoast_head_json":{"title":"Politica de Prote\u00e7\u00e3o de dados pessoais | MEDILOGICS Servi\u00e7os M\u00e9dicos SA","robots":{"index":"index","follow":"follow","max-snippet":"max-snippet:-1","max-image-preview":"max-image-preview:large","max-video-preview":"max-video-preview:-1"},"canonical":"https:\/\/medilogics.pt\/home\/politica-protecao-dados\/","og_locale":"pt_PT","og_type":"article","og_title":"Politica de Prote\u00e7\u00e3o de dados pessoais | MEDILOGICS Servi\u00e7os M\u00e9dicos SA","og_description":"1. DADOS PESSOAIS 1.1. A entidade respons\u00e1vel pelo tratamento dos dados pessoais \u00e9 a MEDILOGICS Servi\u00e7os M\u00e9dicos SA. 1.2. A MEDILOGICS designou um encarregado da prote\u00e7\u00e3o de dados que poder\u00e1 ser diretamente contactado atrav\u00e9s de carta enviada para MEDILOGICS &#8211; DPO, Rua da Paz, 66, 4050-461 Porto ou do endere\u00e7o eletr\u00f3nico dpo@medilogics.pt . 1.3. Os &hellip; Continuar a ler \"Politica de Prote\u00e7\u00e3o de dados pessoais\"","og_url":"https:\/\/medilogics.pt\/home\/politica-protecao-dados\/","og_site_name":"MEDILOGICS Servi\u00e7os M\u00e9dicos SA","article_publisher":"https:\/\/www.facebook.com\/medilogicssa\/","article_modified_time":"2018-06-01T11:31:35+00:00","twitter_card":"summary","twitter_site":"@medilogics","twitter_misc":{"Tempo estimado de leitura":"3 minutos"},"schema":{"@context":"https:\/\/schema.org","@graph":[{"@type":"WebPage","@id":"https:\/\/medilogics.pt\/home\/politica-protecao-dados\/","url":"https:\/\/medilogics.pt\/home\/politica-protecao-dados\/","name":"Politica de Prote\u00e7\u00e3o de dados pessoais | MEDILOGICS Servi\u00e7os M\u00e9dicos SA","isPartOf":{"@id":"https:\/\/medilogics.pt\/home\/#website"},"datePublished":"2018-04-24T13:54:04+00:00","dateModified":"2018-06-01T11:31:35+00:00","breadcrumb":{"@id":"https:\/\/medilogics.pt\/home\/politica-protecao-dados\/#breadcrumb"},"inLanguage":"pt-PT","potentialAction":[{"@type":"ReadAction","target":["https:\/\/medilogics.pt\/home\/politica-protecao-dados\/"]}]},{"@type":"BreadcrumbList","@id":"https:\/\/medilogics.pt\/home\/politica-protecao-dados\/#breadcrumb","itemListElement":[{"@type":"ListItem","position":1,"name":"In\u00edcio","item":"https:\/\/medilogics.pt\/home\/"},{"@type":"ListItem","position":2,"name":"Politica de Prote\u00e7\u00e3o de dados pessoais"}]},{"@type":"WebSite","@id":"https:\/\/medilogics.pt\/home\/#website","url":"https:\/\/medilogics.pt\/home\/","name":"MEDILOGICS Servi\u00e7os M\u00e9dicos SA","description":"Seguran\u00e7a e Sa\u00fade no Trabalho","publisher":{"@id":"https:\/\/medilogics.pt\/home\/#organization"},"potentialAction":[{"@type":"SearchAction","target":{"@type":"EntryPoint","urlTemplate":"https:\/\/medilogics.pt\/home\/?s={search_term_string}"},"query-input":"required name=search_term_string"}],"inLanguage":"pt-PT"},{"@type":"Organization","@id":"https:\/\/medilogics.pt\/home\/#organization","name":"Medilogics Servicos Medicos SA","url":"https:\/\/medilogics.pt\/home\/","sameAs":["https:\/\/www.instagram.com\/medilogics\/","https:\/\/www.linkedin.com\/company\/medilogics","https:\/\/www.youtube.com\/c\/MedilogicsPtsa","https:\/\/www.facebook.com\/medilogicssa\/","https:\/\/twitter.com\/medilogics"],"logo":{"@type":"ImageObject","inLanguage":"pt-PT","@id":"https:\/\/medilogics.pt\/home\/#\/schema\/logo\/image\/","url":"https:\/\/i1.wp.com\/medilogics.pt\/home\/wp-content\/uploads\/2017\/10\/logotipo_empsaud_medilogics_medio.jpg?fit=500%2C175&ssl=1","contentUrl":"https:\/\/i1.wp.com\/medilogics.pt\/home\/wp-content\/uploads\/2017\/10\/logotipo_empsaud_medilogics_medio.jpg?fit=500%2C175&ssl=1","width":500,"height":175,"caption":"Medilogics Servicos Medicos SA"},"image":{"@id":"https:\/\/medilogics.pt\/home\/#\/schema\/logo\/image\/"}}]}},"jetpack_sharing_enabled":true,"jetpack_shortlink":"https:\/\/wp.me\/P9hLDY-fa","jetpack_likes_enabled":true,"jetpack-related-posts":[{"id":1644,"url":"https:\/\/medilogics.pt\/home\/privacidade\/","url_meta":{"origin":940,"position":0},"title":"Politica de Privacidade","date":"Junho 1, 2018","format":false,"excerpt":"DURANTE QUANTO TEMPO CONSERVAMOS A SUA INFORMA\u00c7\u00c3O? A nossa pol\u00edtica consiste na conserva\u00e7\u00e3o de dados apenas durante o per\u00edodo necess\u00e1rio para a observ\u00e2ncia dos prop\u00f3sitos para os quais estes foram recolhidos. No entanto, em determinados casos\u00a0 poderemos conservar os dados durante per\u00edodos mais longos, nomeadamente quando a Lei assim o\u2026","rel":"","context":"Similar post","img":{"alt_text":"","src":"","width":0,"height":0},"classes":[]},{"id":94,"url":"https:\/\/medilogics.pt\/home\/cookies\/","url_meta":{"origin":940,"position":1},"title":"Politica de Privacidade e Cookies","date":"Agosto 24, 2017","format":false,"excerpt":"O grupo MEDILOGICS SGPS utiliza cookies nos portais da MEDILOGICS SA, BIOCHECK LDA. e NVIDAS LDA. A partir do dia 17-05-2018 os cookies est\u00e3o por defeito desactivados. Ajude-nos a melhorar os websites e ative-os em defini\u00e7\u00f5es. Caso os ative estar\u00e1 a aceitar a presente pol\u00edtica e a consequente utiliza\u00e7\u00e3o de\u2026","rel":"","context":"In &quot;Geral&quot;","img":{"alt_text":"","src":"","width":0,"height":0},"classes":[]},{"id":625,"url":"https:\/\/medilogics.pt\/home\/marcacao-consulta-online\/","url_meta":{"origin":940,"position":2},"title":"Marca\u00e7\u00e3o de Consulta Online","date":"Outubro 26, 2017","format":false,"excerpt":"Solicite aqui a marca\u00e7\u00e3o da sua consulta na cl\u00ednica Medilogics no Porto. Antes de preencher o formul\u00e1rio leia a nossa Pol\u00edtica de Utiliza\u00e7\u00e3o do S\u00edtio e \u00c1rea de Cliente , Pol\u00edtica de Privacidade e Pol\u00edtica de Prote\u00e7\u00e3o de Dados Pessoais (RGPD). Os seus dados pessoais contidos neste formul\u00e1rio, tais como\u2026","rel":"","context":"Similar post","img":{"alt_text":"","src":"","width":0,"height":0},"classes":[]},{"id":7,"url":"https:\/\/medilogics.pt\/home\/","url_meta":{"origin":940,"position":3},"title":"Seguran\u00e7a e Sa\u00fade no Trabalho","date":"Agosto 23, 2017","format":false,"excerpt":"Bem vindo \u00e0 Medilogics. Somos uma empresa que presta servi\u00e7os na \u00e1rea da Seguran\u00e7a e Sa\u00fade no Trabalho. Desde 2003, com um servi\u00e7o diferenciado e de qualidade, sendo estes atributos reconhecidos pelos clientes. Estamos autorizados pela Autoridade para as Condi\u00e7\u00f5es do Trabalho (ACT) e Dire\u00e7\u00e3o Geral de Sa\u00fade (DGS) em\u2026","rel":"","context":"Similar post","img":{"alt_text":"ACT","src":"https:\/\/i0.wp.com\/medilogics.pt\/home\/wp-content\/uploads\/2018\/03\/act.png?resize=350%2C200&ssl=1","width":350,"height":200},"classes":[]},{"id":936,"url":"https:\/\/medilogics.pt\/home\/rgpd\/","url_meta":{"origin":940,"position":4},"title":"RGPD &#8211; Autoriza\u00e7\u00e3o de fornecimentos de dados de contacto","date":"Abril 24, 2018","format":false,"excerpt":"Antes de preencher o formul\u00e1rio leia a nossa Pol\u00edtica de Utiliza\u00e7\u00e3o do S\u00edtio e \u00c1rea de Cliente , Pol\u00edtica de Privacidade e Pol\u00edtica de Prote\u00e7\u00e3o de Dados Pessoais (RGPD). Os seus dados pessoais contidos neste formul\u00e1rio, tais como o seu nome, telefone e email, ser\u00e3o armazenados pelo per\u00edodo de 30\u2026","rel":"","context":"Similar post","img":{"alt_text":"","src":"","width":0,"height":0},"classes":[]},{"id":1909,"url":"https:\/\/medilogics.pt\/home\/consulta-aos-trabalhadores\/","url_meta":{"origin":940,"position":5},"title":"CONSULTA AOS TRABALHADORES","date":"Outubro 23, 2018","format":false,"excerpt":"A participa\u00e7\u00e3o dos trabalhadores \u00e9 uma parte importante da gest\u00e3o da sa\u00fade e da seguran\u00e7a. Os trabalhadores e os seus representantes disp\u00f5em de um conhecimento e de uma experi\u00eancia que lhes permite saber como se trabalha e em que medida a sua atividade os afeta. A Medilogics pode ajudar. Pergunte-nos\u2026","rel":"","context":"In &quot;Geral&quot;","img":{"alt_text":"","src":"","width":0,"height":0},"classes":[]}],"amp_enabled":true,"_links":{"self":[{"href":"https:\/\/medilogics.pt\/home\/wp-json\/wp\/v2\/pages\/940"}],"collection":[{"href":"https:\/\/medilogics.pt\/home\/wp-json\/wp\/v2\/pages"}],"about":[{"href":"https:\/\/medilogics.pt\/home\/wp-json\/wp\/v2\/types\/page"}],"author":[{"embeddable":true,"href":"https:\/\/medilogics.pt\/home\/wp-json\/wp\/v2\/users\/1"}],"replies":[{"embeddable":true,"href":"https:\/\/medilogics.pt\/home\/wp-json\/wp\/v2\/comments?post=940"}],"version-history":[{"count":17,"href":"https:\/\/medilogics.pt\/home\/wp-json\/wp\/v2\/pages\/940\/revisions"}],"predecessor-version":[{"id":1654,"href":"https:\/\/medilogics.pt\/home\/wp-json\/wp\/v2\/pages\/940\/revisions\/1654"}],"wp:attachment":[{"href":"https:\/\/medilogics.pt\/home\/wp-json\/wp\/v2\/media?parent=940"}],"curies":[{"name":"wp","href":"https:\/\/api.w.org\/{rel}","templated":true}]}}